{"id":85,"date":"2023-12-27T17:28:02","date_gmt":"2023-12-27T16:28:02","guid":{"rendered":"https:\/\/parohia-sfintiitreiierarhi.com\/?page_id=85"},"modified":"2026-02-01T13:42:47","modified_gmt":"2026-02-01T12:42:47","slug":"viata-parohiei","status":"publish","type":"page","link":"https:\/\/parohia-sfintiitreiierarhi.com\/index.php\/viata-parohiei\/","title":{"rendered":"Viata parohiei"},"content":{"rendered":"\t\t<div data-elementor-type=\"wp-page\" data-elementor-id=\"85\" class=\"elementor elementor-85\" data-elementor-post-type=\"page\">\n\t\t\t\t\t\t<section class=\"elementor-section elementor-top-section elementor-element elementor-element-b5fed1d elementor-section-full_width elementor-section-height-min-height elementor-section-height-default elementor-section-items-middle\" data-id=\"b5fed1d\" data-element_type=\"section\" data-settings=\"{&quot;background_background&quot;:&quot;classic&quot;}\">\n\t\t\t\t\t\t\t<div class=\"elementor-background-overlay\"><\/div>\n\t\t\t\t\t\t\t<div class=\"elementor-container elementor-column-gap-default\">\n\t\t\t\t\t<div class=\"elementor-column elementor-col-100 elementor-top-column elementor-element elementor-element-0d383d6\" data-id=\"0d383d6\" data-element_type=\"column\">\n\t\t\t<div class=\"elementor-widget-wrap elementor-element-populated\">\n\t\t\t\t\t\t\t<\/div>\n\t\t<\/div>\n\t\t\t\t\t<\/div>\n\t\t<\/section>\n\t\t\t\t<section class=\"elementor-section elementor-top-section elementor-element elementor-element-a9fe84e elementor-section-boxed elementor-section-height-default elementor-section-height-default\" data-id=\"a9fe84e\" data-element_type=\"section\">\n\t\t\t\t\t\t<div class=\"elementor-container elementor-column-gap-default\">\n\t\t\t\t\t<div class=\"elementor-column elementor-col-100 elementor-top-column elementor-element elementor-element-13e23c1\" data-id=\"13e23c1\" data-element_type=\"column\">\n\t\t\t<div class=\"elementor-widget-wrap elementor-element-populated\">\n\t\t\t\t\t\t<div class=\"elementor-element elementor-element-72d0c26 elementor-grid-3 elementor-grid-tablet-2 elementor-grid-mobile-1 elementor-posts--thumbnail-top elementor-card-shadow-yes elementor-posts__hover-gradient load-more-align-center elementor-widget elementor-widget-posts\" data-id=\"72d0c26\" data-element_type=\"widget\" data-settings=\"{&quot;pagination_type&quot;:&quot;load_more_on_click&quot;,&quot;cards_masonry&quot;:&quot;yes&quot;,&quot;cards_columns&quot;:&quot;3&quot;,&quot;cards_columns_tablet&quot;:&quot;2&quot;,&quot;cards_columns_mobile&quot;:&quot;1&quot;,&quot;cards_row_gap&quot;:{&quot;unit&quot;:&quot;px&quot;,&quot;size&quot;:35,&quot;sizes&quot;:[]},&quot;cards_row_gap_tablet&quot;:{&quot;unit&quot;:&quot;px&quot;,&quot;size&quot;:&quot;&quot;,&quot;sizes&quot;:[]},&quot;cards_row_gap_mobile&quot;:{&quot;unit&quot;:&quot;px&quot;,&quot;size&quot;:&quot;&quot;,&quot;sizes&quot;:[]},&quot;load_more_spinner&quot;:{&quot;value&quot;:&quot;fas fa-spinner&quot;,&quot;library&quot;:&quot;fa-solid&quot;}}\" data-widget_type=\"posts.cards\">\n\t\t\t\t<div class=\"elementor-widget-container\">\n\t\t\t\t\t\t\t<div class=\"elementor-posts-container elementor-posts elementor-posts--skin-cards elementor-grid\">\n\t\t\t\t<article class=\"elementor-post elementor-grid-item post-870 post type-post status-publish format-standard has-post-thumbnail hentry category-viata-parohiei entry\">\n\t\t\t<div class=\"elementor-post__card\">\n\t\t\t\t<a class=\"elementor-post__thumbnail__link\" href=\"https:\/\/parohia-sfintiitreiierarhi.com\/index.php\/2026\/08\/30\/sfarsit-de-an-scolar-la-scoala-regina-maria-din-paris\/\" tabindex=\"-1\" target=\"_blank\"><div class=\"elementor-post__thumbnail\"><img fetchpriority=\"high\" decoding=\"async\" width=\"750\" height=\"500\" src=\"https:\/\/parohia-sfintiitreiierarhi.com\/wp-content\/uploads\/2026\/08\/unnamed-2-768x512.jpg\" class=\"attachment-medium_large size-medium_large wp-image-871\" alt=\"\" srcset=\"https:\/\/parohia-sfintiitreiierarhi.com\/wp-content\/uploads\/2026\/08\/unnamed-2-768x512.jpg 768w, https:\/\/parohia-sfintiitreiierarhi.com\/wp-content\/uploads\/2026\/08\/unnamed-2-300x200.jpg 300w, https:\/\/parohia-sfintiitreiierarhi.com\/wp-content\/uploads\/2026\/08\/unnamed-2-1024x683.jpg 1024w, https:\/\/parohia-sfintiitreiierarhi.com\/wp-content\/uploads\/2026\/08\/unnamed-2-1536x1024.jpg 1536w, https:\/\/parohia-sfintiitreiierarhi.com\/wp-content\/uploads\/2026\/08\/unnamed-2-1568x1045.jpg 1568w, https:\/\/parohia-sfintiitreiierarhi.com\/wp-content\/uploads\/2026\/08\/unnamed-2.jpg 2048w\" sizes=\"(max-width: 750px) 100vw, 750px\" style=\"width:100%;height:66.65%;max-width:2048px;\" \/><\/div><\/a>\n\t\t\t\t<div class=\"elementor-post__text\">\n\t\t\t\t<h3 class=\"elementor-post__title\">\n\t\t\t<a href=\"https:\/\/parohia-sfintiitreiierarhi.com\/index.php\/2026\/08\/30\/sfarsit-de-an-scolar-la-scoala-regina-maria-din-paris\/\" target=&quot;_blank&quot;>\n\t\t\t\tSf\u00e2r\u0219it de an \u0219colar la \u0218coala \u00ab Regina Maria \u00bb din Paris\t\t\t<\/a>\n\t\t<\/h3>\n\t\t\t\t<div class=\"elementor-post__excerpt\">\n\t\t\t<p>Duminic\u0103 28 iunie a avut loc festivitatea de \u00eencheiere a anului \u0219colar 2025\/2026 pentru cei 140 de elevi de la \u0218coala Rom\u00e2neasc\u0103 \u00ab Regina Maria \u00bb, \u00een biserica parohiei Sfin\u021bii Trei Ierarhi din La Courneuve. &nbsp; Doamna preoteas\u0103 Iulia Filip,<\/p>\n\t\t<\/div>\n\t\t\n\t\t<a class=\"elementor-post__read-more\" href=\"https:\/\/parohia-sfintiitreiierarhi.com\/index.php\/2026\/08\/30\/sfarsit-de-an-scolar-la-scoala-regina-maria-din-paris\/\" aria-label=\"En savoir plus sur Sf\u00e2r\u0219it de an \u0219colar la \u0218coala \u00ab Regina Maria \u00bb din Paris\" tabindex=\"-1\" target=\"_blank\">\n\t\t\tCite\u0219te mai mult &gt;\t\t<\/a>\n\n\t\t\t\t<\/div>\n\t\t\t\t<div class=\"elementor-post__meta-data\">\n\t\t\t\t\t<span class=\"elementor-post-date\">\n\t\t\t30 ao\u00fbt 2026\t\t<\/span>\n\t\t\t\t<\/div>\n\t\t\t\t\t<\/div>\n\t\t<\/article>\n\t\t\t\t<article class=\"elementor-post elementor-grid-item post-863 post type-post status-publish format-standard has-post-thumbnail hentry category-viata-parohiei entry\">\n\t\t\t<div class=\"elementor-post__card\">\n\t\t\t\t<a class=\"elementor-post__thumbnail__link\" href=\"https:\/\/parohia-sfintiitreiierarhi.com\/index.php\/2026\/04\/22\/parohia-sfintii-trei-ierarhi-a-implinit-18-ani\/\" tabindex=\"-1\" target=\"_blank\"><div class=\"elementor-post__thumbnail\"><img decoding=\"async\" width=\"750\" height=\"745\" src=\"https:\/\/parohia-sfintiitreiierarhi.com\/wp-content\/uploads\/2026\/04\/677171954_4510518292516829_3649886676634593435_n-e1776892400492-768x763.jpg\" class=\"attachment-medium_large size-medium_large wp-image-864\" alt=\"\" srcset=\"https:\/\/parohia-sfintiitreiierarhi.com\/wp-content\/uploads\/2026\/04\/677171954_4510518292516829_3649886676634593435_n-e1776892400492-768x763.jpg 768w, https:\/\/parohia-sfintiitreiierarhi.com\/wp-content\/uploads\/2026\/04\/677171954_4510518292516829_3649886676634593435_n-e1776892400492-300x298.jpg 300w, https:\/\/parohia-sfintiitreiierarhi.com\/wp-content\/uploads\/2026\/04\/677171954_4510518292516829_3649886676634593435_n-e1776892400492-1024x1017.jpg 1024w, https:\/\/parohia-sfintiitreiierarhi.com\/wp-content\/uploads\/2026\/04\/677171954_4510518292516829_3649886676634593435_n-e1776892400492-150x150.jpg 150w, https:\/\/parohia-sfintiitreiierarhi.com\/wp-content\/uploads\/2026\/04\/677171954_4510518292516829_3649886676634593435_n-e1776892400492.jpg 1080w\" sizes=\"(max-width: 750px) 100vw, 750px\" style=\"width:100%;height:99.35%;max-width:1080px;\" \/><\/div><\/a>\n\t\t\t\t<div class=\"elementor-post__text\">\n\t\t\t\t<h3 class=\"elementor-post__title\">\n\t\t\t<a href=\"https:\/\/parohia-sfintiitreiierarhi.com\/index.php\/2026\/04\/22\/parohia-sfintii-trei-ierarhi-a-implinit-18-ani\/\" target=&quot;_blank&quot;>\n\t\t\t\tParohia Sfin\u021bii Trei Ierarhi a \u00eemplinit 18 ani !\t\t\t<\/a>\n\t\t<\/h3>\n\t\t\t\t<div class=\"elementor-post__excerpt\">\n\t\t\t<p>Azi, 21 aprilie 2026, parohia Sfin\u021bii Trei Ierarhi din regiunea parizian\u0103 a \u00eemplinit 18 ani! Slav\u0103 lui Dumnezeu pentru toate minunile \u00eent\u00e2mplate \u0219i \u00eemplinite pentru folosul cre\u0219tinilor din acest col\u021b de lume! Mul\u021bumim Domnului pentru pelerinajele organizate \u00een Grecia, Egipt<\/p>\n\t\t<\/div>\n\t\t\n\t\t<a class=\"elementor-post__read-more\" href=\"https:\/\/parohia-sfintiitreiierarhi.com\/index.php\/2026\/04\/22\/parohia-sfintii-trei-ierarhi-a-implinit-18-ani\/\" aria-label=\"En savoir plus sur Parohia Sfin\u021bii Trei Ierarhi a \u00eemplinit 18 ani !\" tabindex=\"-1\" target=\"_blank\">\n\t\t\tCite\u0219te mai mult &gt;\t\t<\/a>\n\n\t\t\t\t<\/div>\n\t\t\t\t<div class=\"elementor-post__meta-data\">\n\t\t\t\t\t<span class=\"elementor-post-date\">\n\t\t\t22 avril 2026\t\t<\/span>\n\t\t\t\t<\/div>\n\t\t\t\t\t<\/div>\n\t\t<\/article>\n\t\t\t\t<article class=\"elementor-post elementor-grid-item post-752 post type-post status-publish format-standard has-post-thumbnail hentry category-viata-parohiei entry\">\n\t\t\t<div class=\"elementor-post__card\">\n\t\t\t\t<a class=\"elementor-post__thumbnail__link\" href=\"https:\/\/parohia-sfintiitreiierarhi.com\/index.php\/2026\/03\/04\/conferinta-cu-inaltpreasfintitul-parinte-atanasie-6-matie\/\" tabindex=\"-1\" target=\"_blank\"><div class=\"elementor-post__thumbnail\"><img decoding=\"async\" width=\"750\" height=\"674\" src=\"https:\/\/parohia-sfintiitreiierarhi.com\/wp-content\/uploads\/2026\/03\/642999367_920001363881324_6342816696641684342_n-e1772662071415-768x690.jpg\" class=\"attachment-medium_large size-medium_large wp-image-753\" alt=\"\" srcset=\"https:\/\/parohia-sfintiitreiierarhi.com\/wp-content\/uploads\/2026\/03\/642999367_920001363881324_6342816696641684342_n-e1772662071415-768x690.jpg 768w, https:\/\/parohia-sfintiitreiierarhi.com\/wp-content\/uploads\/2026\/03\/642999367_920001363881324_6342816696641684342_n-e1772662071415-300x270.jpg 300w, https:\/\/parohia-sfintiitreiierarhi.com\/wp-content\/uploads\/2026\/03\/642999367_920001363881324_6342816696641684342_n-e1772662071415-1024x920.jpg 1024w, https:\/\/parohia-sfintiitreiierarhi.com\/wp-content\/uploads\/2026\/03\/642999367_920001363881324_6342816696641684342_n-e1772662071415.jpg 1413w\" sizes=\"(max-width: 750px) 100vw, 750px\" style=\"width:100%;height:89.88%;max-width:1413px;\" \/><\/div><\/a>\n\t\t\t\t<div class=\"elementor-post__text\">\n\t\t\t\t<h3 class=\"elementor-post__title\">\n\t\t\t<a href=\"https:\/\/parohia-sfintiitreiierarhi.com\/index.php\/2026\/03\/04\/conferinta-cu-inaltpreasfintitul-parinte-atanasie-6-matie\/\" target=&quot;_blank&quot;>\n\t\t\t\tConferin\u021b\u0103 cu \u00cenaltpreasfin\u021bitul P\u0103rinte Atanasie &#8211; 6 Matie\t\t\t<\/a>\n\t\t<\/h3>\n\t\t\t\t<div class=\"elementor-post__excerpt\">\n\t\t\t<p>Cu binecuv\u00e2ntarea IPS Mitropolit Iosif, s\u0103pt\u0103m\u00e2na viitoare, vom avea \u00een parohia noastr\u0103 pe \u00cenaltpreasfin\u021bitul P\u0103rinte Atanasie, arhiepiscopul Marii Britanii \u0219i Irlandei de Nord.\u00cenaltpreasfin\u021bia Sa va sluji dup\u0103 programul ata\u0219at \u0219i va sus\u021bine o conferin\u021b\u0103 cu tema:\u201cIubirea care r\u0103m\u00e2ne: familia cre\u0219tin\u0103<\/p>\n\t\t<\/div>\n\t\t\n\t\t<a class=\"elementor-post__read-more\" href=\"https:\/\/parohia-sfintiitreiierarhi.com\/index.php\/2026\/03\/04\/conferinta-cu-inaltpreasfintitul-parinte-atanasie-6-matie\/\" aria-label=\"En savoir plus sur Conferin\u021b\u0103 cu \u00cenaltpreasfin\u021bitul P\u0103rinte Atanasie &#8211; 6 Matie\" tabindex=\"-1\" target=\"_blank\">\n\t\t\tCite\u0219te mai mult &gt;\t\t<\/a>\n\n\t\t\t\t<\/div>\n\t\t\t\t<div class=\"elementor-post__meta-data\">\n\t\t\t\t\t<span class=\"elementor-post-date\">\n\t\t\t4 mars 2026\t\t<\/span>\n\t\t\t\t<\/div>\n\t\t\t\t\t<\/div>\n\t\t<\/article>\n\t\t\t\t<article class=\"elementor-post elementor-grid-item post-746 post type-post status-publish format-standard has-post-thumbnail hentry category-viata-parohiei entry\">\n\t\t\t<div class=\"elementor-post__card\">\n\t\t\t\t<a class=\"elementor-post__thumbnail__link\" href=\"https:\/\/parohia-sfintiitreiierarhi.com\/index.php\/2026\/02\/22\/duminica-22-februarie-venirea-preasfintitul-parinte-iustin-episcopul-maramuresului-si-satmarului\/\" tabindex=\"-1\" target=\"_blank\"><div class=\"elementor-post__thumbnail\"><img loading=\"lazy\" decoding=\"async\" width=\"750\" height=\"500\" src=\"https:\/\/parohia-sfintiitreiierarhi.com\/wp-content\/uploads\/2026\/02\/0H5A9669-768x512.jpg\" class=\"attachment-medium_large size-medium_large wp-image-674\" alt=\"\" srcset=\"https:\/\/parohia-sfintiitreiierarhi.com\/wp-content\/uploads\/2026\/02\/0H5A9669-768x512.jpg 768w, https:\/\/parohia-sfintiitreiierarhi.com\/wp-content\/uploads\/2026\/02\/0H5A9669-300x200.jpg 300w, https:\/\/parohia-sfintiitreiierarhi.com\/wp-content\/uploads\/2026\/02\/0H5A9669-1024x683.jpg 1024w, https:\/\/parohia-sfintiitreiierarhi.com\/wp-content\/uploads\/2026\/02\/0H5A9669-1536x1024.jpg 1536w, https:\/\/parohia-sfintiitreiierarhi.com\/wp-content\/uploads\/2026\/02\/0H5A9669-2048x1365.jpg 2048w, https:\/\/parohia-sfintiitreiierarhi.com\/wp-content\/uploads\/2026\/02\/0H5A9669-1568x1045.jpg 1568w\" sizes=\"(max-width: 750px) 100vw, 750px\" style=\"width:100%;height:66.68%;max-width:2560px;\" \/><\/div><\/a>\n\t\t\t\t<div class=\"elementor-post__text\">\n\t\t\t\t<h3 class=\"elementor-post__title\">\n\t\t\t<a href=\"https:\/\/parohia-sfintiitreiierarhi.com\/index.php\/2026\/02\/22\/duminica-22-februarie-venirea-preasfintitul-parinte-iustin-episcopul-maramuresului-si-satmarului\/\" target=&quot;_blank&quot;>\n\t\t\t\tDuminic\u0103 22 februarie, venirea Preasfin\u021bitul P\u0103rinte Iustin, episcopul Maramure\u0219ului \u0219i S\u0103tmarului\t\t\t<\/a>\n\t\t<\/h3>\n\t\t\t\t<div class=\"elementor-post__excerpt\">\n\t\t\t<p>Duminic\u0103 22 februarie, \u00een Duminica l\u0103satului sec de br\u00e2nz\u0103, am avut bucuria de a-l avea \u00een mijlocul nostru pe Preasfin\u021bitul P\u0103rinte Iustin, episcopul Maramure\u0219ului \u0219i S\u0103tmarului, care a s\u0103v\u00e2r\u0219it Sf\u00e2nta Liturghie \u00eenconjurat de un sobor de preo\u021bi \u0219i diaconi, \u00een<\/p>\n\t\t<\/div>\n\t\t\n\t\t<a class=\"elementor-post__read-more\" href=\"https:\/\/parohia-sfintiitreiierarhi.com\/index.php\/2026\/02\/22\/duminica-22-februarie-venirea-preasfintitul-parinte-iustin-episcopul-maramuresului-si-satmarului\/\" aria-label=\"En savoir plus sur Duminic\u0103 22 februarie, venirea Preasfin\u021bitul P\u0103rinte Iustin, episcopul Maramure\u0219ului \u0219i S\u0103tmarului\" tabindex=\"-1\" target=\"_blank\">\n\t\t\tCite\u0219te mai mult &gt;\t\t<\/a>\n\n\t\t\t\t<\/div>\n\t\t\t\t<div class=\"elementor-post__meta-data\">\n\t\t\t\t\t<span class=\"elementor-post-date\">\n\t\t\t22 f\u00e9vrier 2026\t\t<\/span>\n\t\t\t\t<\/div>\n\t\t\t\t\t<\/div>\n\t\t<\/article>\n\t\t\t\t<article class=\"elementor-post elementor-grid-item post-611 post type-post status-publish format-standard has-post-thumbnail hentry category-scoala-romaneasca entry\">\n\t\t\t<div class=\"elementor-post__card\">\n\t\t\t\t<a class=\"elementor-post__thumbnail__link\" href=\"https:\/\/parohia-sfintiitreiierarhi.com\/index.php\/2026\/02\/22\/campionat-de-sah-7-februarie-2026\/\" tabindex=\"-1\" target=\"_blank\"><div class=\"elementor-post__thumbnail\"><img loading=\"lazy\" decoding=\"async\" width=\"750\" height=\"500\" src=\"https:\/\/parohia-sfintiitreiierarhi.com\/wp-content\/uploads\/2026\/02\/IMG_6457-768x512.jpeg\" class=\"attachment-medium_large size-medium_large wp-image-629\" alt=\"\" srcset=\"https:\/\/parohia-sfintiitreiierarhi.com\/wp-content\/uploads\/2026\/02\/IMG_6457-768x512.jpeg 768w, https:\/\/parohia-sfintiitreiierarhi.com\/wp-content\/uploads\/2026\/02\/IMG_6457-300x200.jpeg 300w, https:\/\/parohia-sfintiitreiierarhi.com\/wp-content\/uploads\/2026\/02\/IMG_6457-1024x683.jpeg 1024w, https:\/\/parohia-sfintiitreiierarhi.com\/wp-content\/uploads\/2026\/02\/IMG_6457-1536x1024.jpeg 1536w, https:\/\/parohia-sfintiitreiierarhi.com\/wp-content\/uploads\/2026\/02\/IMG_6457-1568x1045.jpeg 1568w, https:\/\/parohia-sfintiitreiierarhi.com\/wp-content\/uploads\/2026\/02\/IMG_6457.jpeg 2048w\" sizes=\"(max-width: 750px) 100vw, 750px\" style=\"width:100%;height:66.65%;max-width:2048px;\" \/><\/div><\/a>\n\t\t\t\t<div class=\"elementor-post__text\">\n\t\t\t\t<h3 class=\"elementor-post__title\">\n\t\t\t<a href=\"https:\/\/parohia-sfintiitreiierarhi.com\/index.php\/2026\/02\/22\/campionat-de-sah-7-februarie-2026\/\" target=&quot;_blank&quot;>\n\t\t\t\tCampionat de \u0219ah &#8211; 7 februarie 2026\t\t\t<\/a>\n\t\t<\/h3>\n\t\t\t\t<div class=\"elementor-post__excerpt\">\n\t\t\t<p>S\u00e2mb\u0103t\u0103 7 februarie 2026, s-a organizat \u00een sala festiv\u0103 \u00ab\u00a0Aula Amicitiae\u00a0\u00bb a parohiei Sfin\u021bii Trei Ierarhi din La Courneuve, un campionat de \u0219ah pentru trei categorii de v\u00e2rste: 6\/10 ani, 11\/16 ani \u0219i +16 ani. Cei 65 de participan\u021bi s-au<\/p>\n\t\t<\/div>\n\t\t\n\t\t<a class=\"elementor-post__read-more\" href=\"https:\/\/parohia-sfintiitreiierarhi.com\/index.php\/2026\/02\/22\/campionat-de-sah-7-februarie-2026\/\" aria-label=\"En savoir plus sur Campionat de \u0219ah &#8211; 7 februarie 2026\" tabindex=\"-1\" target=\"_blank\">\n\t\t\tCite\u0219te mai mult &gt;\t\t<\/a>\n\n\t\t\t\t<\/div>\n\t\t\t\t<div class=\"elementor-post__meta-data\">\n\t\t\t\t\t<span class=\"elementor-post-date\">\n\t\t\t22 f\u00e9vrier 2026\t\t<\/span>\n\t\t\t\t<\/div>\n\t\t\t\t\t<\/div>\n\t\t<\/article>\n\t\t\t\t<article class=\"elementor-post elementor-grid-item post-557 post type-post status-publish format-standard has-post-thumbnail hentry category-viata-parohiei entry\">\n\t\t\t<div class=\"elementor-post__card\">\n\t\t\t\t<a class=\"elementor-post__thumbnail__link\" href=\"https:\/\/parohia-sfintiitreiierarhi.com\/index.php\/2026\/02\/01\/hramul-parohiei-sfintii-trei-ierarhi-30-ianuarie-2026\/\" tabindex=\"-1\" target=\"_blank\"><div class=\"elementor-post__thumbnail\"><img loading=\"lazy\" decoding=\"async\" width=\"750\" height=\"500\" src=\"https:\/\/parohia-sfintiitreiierarhi.com\/wp-content\/uploads\/2026\/02\/image00004-768x512.jpeg\" class=\"attachment-medium_large size-medium_large wp-image-559\" alt=\"\" srcset=\"https:\/\/parohia-sfintiitreiierarhi.com\/wp-content\/uploads\/2026\/02\/image00004-768x512.jpeg 768w, https:\/\/parohia-sfintiitreiierarhi.com\/wp-content\/uploads\/2026\/02\/image00004-300x200.jpeg 300w, https:\/\/parohia-sfintiitreiierarhi.com\/wp-content\/uploads\/2026\/02\/image00004-1024x683.jpeg 1024w, https:\/\/parohia-sfintiitreiierarhi.com\/wp-content\/uploads\/2026\/02\/image00004-1536x1024.jpeg 1536w, https:\/\/parohia-sfintiitreiierarhi.com\/wp-content\/uploads\/2026\/02\/image00004-2048x1365.jpeg 2048w, https:\/\/parohia-sfintiitreiierarhi.com\/wp-content\/uploads\/2026\/02\/image00004-1568x1045.jpeg 1568w\" sizes=\"(max-width: 750px) 100vw, 750px\" style=\"width:100%;height:66.68%;max-width:2560px;\" \/><\/div><\/a>\n\t\t\t\t<div class=\"elementor-post__text\">\n\t\t\t\t<h3 class=\"elementor-post__title\">\n\t\t\t<a href=\"https:\/\/parohia-sfintiitreiierarhi.com\/index.php\/2026\/02\/01\/hramul-parohiei-sfintii-trei-ierarhi-30-ianuarie-2026\/\" target=&quot;_blank&quot;>\n\t\t\t\tHramul parohiei Sfin\u021bii Trei Ierarhi, 30 Ianuarie 2026\t\t\t<\/a>\n\t\t<\/h3>\n\t\t\t\t<div class=\"elementor-post__excerpt\">\n\t\t\t<p>\u00cen ajunul pomenirii Sfin\u021bilor Trei Ierarhi Vasile cel Mare, Grigorie Teologul \u0219i Ioan Gur\u0103 de Aur, s-a s\u0103v\u00e2r\u0219it slujba Privegherii \u00een sobor de preo\u021bi \u0219i Sf\u00e2nta Liturghie sub protia Preasfin\u021bitului P\u0103rinte Marc Nem\u021beanul &#8211; episcop vicar al Arhiepiscopiei Europei Occidentale.<\/p>\n\t\t<\/div>\n\t\t\n\t\t<a class=\"elementor-post__read-more\" href=\"https:\/\/parohia-sfintiitreiierarhi.com\/index.php\/2026\/02\/01\/hramul-parohiei-sfintii-trei-ierarhi-30-ianuarie-2026\/\" aria-label=\"En savoir plus sur Hramul parohiei Sfin\u021bii Trei Ierarhi, 30 Ianuarie 2026\" tabindex=\"-1\" target=\"_blank\">\n\t\t\tCite\u0219te mai mult &gt;\t\t<\/a>\n\n\t\t\t\t<\/div>\n\t\t\t\t<div class=\"elementor-post__meta-data\">\n\t\t\t\t\t<span class=\"elementor-post-date\">\n\t\t\t1 f\u00e9vrier 2026\t\t<\/span>\n\t\t\t\t<\/div>\n\t\t\t\t\t<\/div>\n\t\t<\/article>\n\t\t\t\t<article class=\"elementor-post elementor-grid-item post-456 post type-post status-publish format-standard has-post-thumbnail hentry category-viata-parohiei entry\">\n\t\t\t<div class=\"elementor-post__card\">\n\t\t\t\t<a class=\"elementor-post__thumbnail__link\" href=\"https:\/\/parohia-sfintiitreiierarhi.com\/index.php\/2025\/12\/18\/taina-gandurilor-si-rama-vesniciei-icoana-vie-a-romanilor-din-paris\/\" tabindex=\"-1\" target=\"_blank\"><div class=\"elementor-post__thumbnail\"><img loading=\"lazy\" decoding=\"async\" width=\"750\" height=\"422\" src=\"https:\/\/parohia-sfintiitreiierarhi.com\/wp-content\/uploads\/2025\/12\/taina-gandurilor-si-rama-vesniciei-icoana-vie-a-romanilor-din-paris-350185-768x432.jpg\" class=\"attachment-medium_large size-medium_large wp-image-457\" alt=\"\" srcset=\"https:\/\/parohia-sfintiitreiierarhi.com\/wp-content\/uploads\/2025\/12\/taina-gandurilor-si-rama-vesniciei-icoana-vie-a-romanilor-din-paris-350185-768x432.jpg 768w, https:\/\/parohia-sfintiitreiierarhi.com\/wp-content\/uploads\/2025\/12\/taina-gandurilor-si-rama-vesniciei-icoana-vie-a-romanilor-din-paris-350185-300x169.jpg 300w, https:\/\/parohia-sfintiitreiierarhi.com\/wp-content\/uploads\/2025\/12\/taina-gandurilor-si-rama-vesniciei-icoana-vie-a-romanilor-din-paris-350185-1024x576.jpg 1024w, https:\/\/parohia-sfintiitreiierarhi.com\/wp-content\/uploads\/2025\/12\/taina-gandurilor-si-rama-vesniciei-icoana-vie-a-romanilor-din-paris-350185-e1769949930286.jpg 1200w\" sizes=\"(max-width: 750px) 100vw, 750px\" style=\"width:100%;height:56.25%;max-width:1200px;\" \/><\/div><\/a>\n\t\t\t\t<div class=\"elementor-post__text\">\n\t\t\t\t<h3 class=\"elementor-post__title\">\n\t\t\t<a href=\"https:\/\/parohia-sfintiitreiierarhi.com\/index.php\/2025\/12\/18\/taina-gandurilor-si-rama-vesniciei-icoana-vie-a-romanilor-din-paris\/\" target=&quot;_blank&quot;>\n\t\t\t\tTaina g\u00e2ndurilor \u015fi rama ve\u015fniciei &#8211; \u201eicoana vie\u201d a rom\u00e2nilor din Paris\t\t\t<\/a>\n\t\t<\/h3>\n\t\t\t\t<div class=\"elementor-post__excerpt\">\n\t\t\t<p>Preasfin\u021bitul P\u0103rinte Timotei Prahoveanul de la Bucure\u0219ti a scris un articol la Ziarul Lumina. &nbsp; Link c\u0103tre articol. &nbsp; Mul\u021bumim pentru frumoasele cuvinte !<\/p>\n\t\t<\/div>\n\t\t\n\t\t<a class=\"elementor-post__read-more\" href=\"https:\/\/parohia-sfintiitreiierarhi.com\/index.php\/2025\/12\/18\/taina-gandurilor-si-rama-vesniciei-icoana-vie-a-romanilor-din-paris\/\" aria-label=\"En savoir plus sur Taina g\u00e2ndurilor \u015fi rama ve\u015fniciei &#8211; \u201eicoana vie\u201d a rom\u00e2nilor din Paris\" tabindex=\"-1\" target=\"_blank\">\n\t\t\tCite\u0219te mai mult &gt;\t\t<\/a>\n\n\t\t\t\t<\/div>\n\t\t\t\t<div class=\"elementor-post__meta-data\">\n\t\t\t\t\t<span class=\"elementor-post-date\">\n\t\t\t18 d\u00e9cembre 2025\t\t<\/span>\n\t\t\t\t<\/div>\n\t\t\t\t\t<\/div>\n\t\t<\/article>\n\t\t\t\t<article class=\"elementor-post elementor-grid-item post-449 post type-post status-publish format-standard has-post-thumbnail hentry category-viata-parohiei entry\">\n\t\t\t<div class=\"elementor-post__card\">\n\t\t\t\t<a class=\"elementor-post__thumbnail__link\" href=\"https:\/\/parohia-sfintiitreiierarhi.com\/index.php\/2025\/12\/17\/nepsis-winter-festival-2025\/\" tabindex=\"-1\" target=\"_blank\"><div class=\"elementor-post__thumbnail\"><img loading=\"lazy\" decoding=\"async\" width=\"750\" height=\"500\" src=\"https:\/\/parohia-sfintiitreiierarhi.com\/wp-content\/uploads\/2025\/12\/unnamed-1-768x512.jpg\" class=\"attachment-medium_large size-medium_large wp-image-450\" alt=\"\" srcset=\"https:\/\/parohia-sfintiitreiierarhi.com\/wp-content\/uploads\/2025\/12\/unnamed-1-768x512.jpg 768w, https:\/\/parohia-sfintiitreiierarhi.com\/wp-content\/uploads\/2025\/12\/unnamed-1-300x200.jpg 300w, https:\/\/parohia-sfintiitreiierarhi.com\/wp-content\/uploads\/2025\/12\/unnamed-1-1024x683.jpg 1024w, https:\/\/parohia-sfintiitreiierarhi.com\/wp-content\/uploads\/2025\/12\/unnamed-1-1536x1024.jpg 1536w, https:\/\/parohia-sfintiitreiierarhi.com\/wp-content\/uploads\/2025\/12\/unnamed-1-1568x1045.jpg 1568w, https:\/\/parohia-sfintiitreiierarhi.com\/wp-content\/uploads\/2025\/12\/unnamed-1.jpg 2048w\" sizes=\"(max-width: 750px) 100vw, 750px\" style=\"width:100%;height:66.65%;max-width:2048px;\" \/><\/div><\/a>\n\t\t\t\t<div class=\"elementor-post__text\">\n\t\t\t\t<h3 class=\"elementor-post__title\">\n\t\t\t<a href=\"https:\/\/parohia-sfintiitreiierarhi.com\/index.php\/2025\/12\/17\/nepsis-winter-festival-2025\/\" target=&quot;_blank&quot;>\n\t\t\t\tNEPSIS WINTER FESTIVAL 2025\t\t\t<\/a>\n\t\t<\/h3>\n\t\t\t\t<div class=\"elementor-post__excerpt\">\n\t\t\t<p>Duminic\u0103 14 Decembrie 2025, \u00eencep\u00e2nd cu ora 16hoo, s-a desf\u0103\u0219urat \u00een biserica Sfin\u021bii Trei Ierarhi din La Courneuve &#8211; Paris, concertul de colinde al parohiilor din regiunea parizian\u0103 cunoscut sub numele NEPSIS WINTER FESTIVAL. &nbsp; La acest eveniment au participat<\/p>\n\t\t<\/div>\n\t\t\n\t\t<a class=\"elementor-post__read-more\" href=\"https:\/\/parohia-sfintiitreiierarhi.com\/index.php\/2025\/12\/17\/nepsis-winter-festival-2025\/\" aria-label=\"En savoir plus sur NEPSIS WINTER FESTIVAL 2025\" tabindex=\"-1\" target=\"_blank\">\n\t\t\tCite\u0219te mai mult &gt;\t\t<\/a>\n\n\t\t\t\t<\/div>\n\t\t\t\t<div class=\"elementor-post__meta-data\">\n\t\t\t\t\t<span class=\"elementor-post-date\">\n\t\t\t17 d\u00e9cembre 2025\t\t<\/span>\n\t\t\t\t<\/div>\n\t\t\t\t\t<\/div>\n\t\t<\/article>\n\t\t\t\t<article class=\"elementor-post elementor-grid-item post-408 post type-post status-publish format-standard has-post-thumbnail hentry category-viata-parohiei entry\">\n\t\t\t<div class=\"elementor-post__card\">\n\t\t\t\t<a class=\"elementor-post__thumbnail__link\" href=\"https:\/\/parohia-sfintiitreiierarhi.com\/index.php\/2025\/12\/05\/concert-de-colinde-sustinut-de-stefan-hrusca\/\" tabindex=\"-1\" target=\"_blank\"><div class=\"elementor-post__thumbnail\"><img loading=\"lazy\" decoding=\"async\" width=\"750\" height=\"500\" src=\"https:\/\/parohia-sfintiitreiierarhi.com\/wp-content\/uploads\/2025\/12\/unnamed-768x512.jpg\" class=\"attachment-medium_large size-medium_large wp-image-409\" alt=\"\" srcset=\"https:\/\/parohia-sfintiitreiierarhi.com\/wp-content\/uploads\/2025\/12\/unnamed-768x512.jpg 768w, https:\/\/parohia-sfintiitreiierarhi.com\/wp-content\/uploads\/2025\/12\/unnamed-300x200.jpg 300w, https:\/\/parohia-sfintiitreiierarhi.com\/wp-content\/uploads\/2025\/12\/unnamed-1024x683.jpg 1024w, https:\/\/parohia-sfintiitreiierarhi.com\/wp-content\/uploads\/2025\/12\/unnamed-1536x1024.jpg 1536w, https:\/\/parohia-sfintiitreiierarhi.com\/wp-content\/uploads\/2025\/12\/unnamed-1568x1045.jpg 1568w, https:\/\/parohia-sfintiitreiierarhi.com\/wp-content\/uploads\/2025\/12\/unnamed.jpg 2048w\" sizes=\"(max-width: 750px) 100vw, 750px\" style=\"width:100%;height:66.65%;max-width:2048px;\" \/><\/div><\/a>\n\t\t\t\t<div class=\"elementor-post__text\">\n\t\t\t\t<h3 class=\"elementor-post__title\">\n\t\t\t<a href=\"https:\/\/parohia-sfintiitreiierarhi.com\/index.php\/2025\/12\/05\/concert-de-colinde-sustinut-de-stefan-hrusca\/\" target=&quot;_blank&quot;>\n\t\t\t\tConcert de colinde sus\u021binut de \u0218tefan Hru\u0219c\u0103\t\t\t<\/a>\n\t\t<\/h3>\n\t\t\t\t<div class=\"elementor-post__excerpt\">\n\t\t\t<p>Cu binecuv\u00e2ntarea \u0219i \u00een prezen\u021ba IPS Mitropolit Iosif, parohia Sfin\u021bii Trei Ierarhi din La Courneuve-Paris \u00eempreun\u0103 cu p\u0103rintele paroh Mircea Filip, a organizat joi 4 decembrie un recital de colinde sus\u021binut de cunoscutul \u0219i \u00eendr\u0103gitul artist \u0218tefan Hru\u0219c\u0103. &nbsp; La<\/p>\n\t\t<\/div>\n\t\t\n\t\t<a class=\"elementor-post__read-more\" href=\"https:\/\/parohia-sfintiitreiierarhi.com\/index.php\/2025\/12\/05\/concert-de-colinde-sustinut-de-stefan-hrusca\/\" aria-label=\"En savoir plus sur Concert de colinde sus\u021binut de \u0218tefan Hru\u0219c\u0103\" tabindex=\"-1\" target=\"_blank\">\n\t\t\tCite\u0219te mai mult &gt;\t\t<\/a>\n\n\t\t\t\t<\/div>\n\t\t\t\t<div class=\"elementor-post__meta-data\">\n\t\t\t\t\t<span class=\"elementor-post-date\">\n\t\t\t5 d\u00e9cembre 2025\t\t<\/span>\n\t\t\t\t<\/div>\n\t\t\t\t\t<\/div>\n\t\t<\/article>\n\t\t\t\t<\/div>\n\t\t\t\t\t<span class=\"e-load-more-spinner\">\n\t\t\t\t<i aria-hidden=\"true\" class=\"fas fa-spinner\"><\/i>\t\t\t<\/span>\n\t\t\n\t\t\t\t<div class=\"e-load-more-anchor\" data-page=\"1\" data-max-page=\"3\" data-next-page=\"https:\/\/parohia-sfintiitreiierarhi.com\/index.php\/wp-json\/wp\/v2\/pages\/85\/page\/2\/\"><\/div>\n\t\t\t\t<div class=\"elementor-button-wrapper\">\n\t\t\t<a href=\"#\" class=\"elementor-button-link elementor-button\" role=\"button\">\n\t\t\t\t\t\t<span class=\"elementor-button-content-wrapper\">\n\t\t\t\t\t\t\t\t\t<span class=\"elementor-button-text\">Vezi mai multe<\/span>\n\t\t\t\t\t<\/span>\n\t\t\t\t\t<\/a>\n\t\t<\/div>\n\t\t\t\t<div class=\"e-load-more-message\">Nu sunt alte articole.<\/div>\n\t\t\t\t\t\t<\/div>\n\t\t\t\t<\/div>\n\t\t\t\t\t<\/div>\n\t\t<\/div>\n\t\t\t\t\t<\/div>\n\t\t<\/section>\n\t\t\t\t<\/div>\n\t\t","protected":false},"excerpt":{"rendered":"","protected":false},"author":1,"featured_media":0,"parent":0,"menu_order":0,"comment_status":"closed","ping_status":"closed","template":"elementor_header_footer","meta":{"footnotes":""},"class_list":["post-85","page","type-page","status-publish","hentry","entry"],"_links":{"self":[{"href":"https:\/\/parohia-sfintiitreiierarhi.com\/index.php\/wp-json\/wp\/v2\/pages\/85","targetHints":{"allow":["GET"]}}],"collection":[{"href":"https:\/\/parohia-sfintiitreiierarhi.com\/index.php\/wp-json\/wp\/v2\/pages"}],"about":[{"href":"https:\/\/parohia-sfintiitreiierarhi.com\/index.php\/wp-json\/wp\/v2\/types\/page"}],"author":[{"embeddable":true,"href":"https:\/\/parohia-sfintiitreiierarhi.com\/index.php\/wp-json\/wp\/v2\/users\/1"}],"replies":[{"embeddable":true,"href":"https:\/\/parohia-sfintiitreiierarhi.com\/index.php\/wp-json\/wp\/v2\/comments?post=85"}],"version-history":[{"count":19,"href":"https:\/\/parohia-sfintiitreiierarhi.com\/index.php\/wp-json\/wp\/v2\/pages\/85\/revisions"}],"predecessor-version":[{"id":495,"href":"https:\/\/parohia-sfintiitreiierarhi.com\/index.php\/wp-json\/wp\/v2\/pages\/85\/revisions\/495"}],"wp:attachment":[{"href":"https:\/\/parohia-sfintiitreiierarhi.com\/index.php\/wp-json\/wp\/v2\/media?parent=85"}],"curies":[{"name":"wp","href":"https:\/\/api.w.org\/{rel}","templated":true}]}}